{"id":1989,"date":"2020-09-18T07:30:00","date_gmt":"2020-09-18T05:30:00","guid":{"rendered":"podlove-2020-09-17t20:48:45+00:00-981d694263a1548"},"modified":"2021-10-05T17:33:10","modified_gmt":"2021-10-05T15:33:10","slug":"episode-88-leclairage-claudine","status":"publish","type":"podcast","link":"https:\/\/orianesavourelucas.com\/avezvouschoisi\/2020\/09\/18\/episode-88-leclairage-claudine\/","title":{"rendered":"\u00c9pisode 88 | L\u2019\u00c9clairage | Claudine ou le vertige de la page blanche"},"content":{"rendered":"\n\t\t<script class=\"podigee-podcast-player\" src=\"\/\/cdn.podigee.com\/podcast-player\/javascripts\/podigee-podcast-player.js\" data-configuration=\"https:\/\/orianesavourelucas.com\/avezvouschoisi\/?podigee_player=179\"><\/script>\n\t\n\t\t\n\n<p>D\u00e9couvrez le premier \u00e9pisode de<strong> L\u2019\u00c9clairage<\/strong>, ce rendez-vous o\u00f9 <strong>j\u2019\u00e9change avec une auditrice ou un auditeur qui se sent bloqu\u00e9.e <\/strong>dans un projet ou une situation professionnelle ou personnelle et qui souhaite b\u00e9n\u00e9fici<strong>er de mon \u00e9clairage pour d\u00e9broussailler et clarifier sa situation.<\/strong><\/p>\n\n\n\n<p>Dans cet \u00e9pisode, j\u2019\u00e9change avec Claudine qui a <strong>choisi de changer de vie : il y a quelques mois, elle a quitt\u00e9 son travail, vendu sa maison et chang\u00e9 de r\u00e9gion. <\/strong>Son choix est assum\u00e9 mais, aujourd&rsquo;hui, <strong>elle s\u2019interroge sur l\u2019apr\u00e8s et sur le chemin \u00e0 emprunter pour poursuivre sa route.<\/strong><\/p>\n\n\n\n<p>Avec Claudine, nous parlons du <strong>vertige de la page blanche<\/strong>, de ce <strong>par quoi commencer <\/strong>dans cette nouvelle vie, des <strong>opportunit\u00e9s <\/strong>et de <strong>ce qu\u2019elle veut vraiment<\/strong>.<\/p>\n\n\n\n<p><strong>Si vous souhaitez participer \u00e0 L\u2019\u00c9clairage, d\u00e9posez votre demande via le <\/strong><a href=\"https:\/\/docs.google.com\/forms\/d\/e\/1FAIpQLSdm0cCtVJ9AcQXQmMTWPltGmll_FoMkMBKRkfs3m18kBbSiAA\/viewform\" target=\"_blank\" rel=\"noopener\">formulaire \u00ab je veux participer \u00e0 l\u2019Eclairage \u00bb<\/a>disponible sur la page Podcast du <a href=\"https:\/\/orianesavourelucas.com\/avezvouschoisi\/intention\/\">site<\/a>.<\/p>\n\n\n\n<p>Si cet \u00e9pisode vous pla\u00eet et que vous voulez faire partie de cette aventure audio, <strong>abonnez-vous \u00e0 la <a href=\"https:\/\/orianesavourelucas.com\/avezvouschoisi\/newsletter\">newsletter <\/a>de <em>Avez-vous choisi ?<\/em><\/strong><em> <\/em>afin d\u2019\u00eatre alert\u00e9.e d\u00e8s la publication d\u2019un nouvel \u00e9pisode et recevoir <em>La Graine de la Semaine<\/em>, chaque lundi par mail.<\/p>\n\n\n\n<p> Pour contribuer \u00e0 la diffusion du podcast, pensez \u00e0 d\u00e9poser un <strong>avis sur votre plateforme de podcast pr\u00e9f\u00e9r\u00e9e, sur cette page, sur les r\u00e9seaux sociaux<\/strong>,<strong> une constellation de 5 \u00e9toiles sur <a href=\"https:\/\/itunes.apple.com\/fr\/podcast\/avez-vous-choisi\/id1438200424?l=fr\" target=\"_blank\" rel=\"noopener\">ITunes<\/a><\/strong> ou encore \u00e0 <strong>faire conna\u00eetre<em> Avez-vous choisi ?<\/em> \u00e0 celles et ceux qui vous sont chers et que l\u2019id\u00e9e de tout choisir dans leur vie pourrait r\u00e9jouir !<\/strong> <\/p>\n\n\n\n<p>Bonne \u00e9coute !<\/p>\n\n\n\n<div class=\"wp-block-image\"><figure class=\"aligncenter size-large is-resized\"><img loading=\"lazy\" decoding=\"async\" src=\"https:\/\/orianesavourelucas.com\/avezvouschoisi\/wp-content\/uploads\/2020\/09\/episode88-1024x1024.jpg\" alt=\"Avez-vous choisi ? L\u2019\u00c9clairage \u2013 Claudine (\u00e9pisode 86)\" class=\"wp-image-1987\" width=\"512\" height=\"512\" srcset=\"https:\/\/orianesavourelucas.com\/avezvouschoisi\/wp-content\/uploads\/2020\/09\/episode88-1024x1024.jpg 1024w, https:\/\/orianesavourelucas.com\/avezvouschoisi\/wp-content\/uploads\/2020\/09\/episode88-300x300.jpg 300w, https:\/\/orianesavourelucas.com\/avezvouschoisi\/wp-content\/uploads\/2020\/09\/episode88-150x150.jpg 150w, https:\/\/orianesavourelucas.com\/avezvouschoisi\/wp-content\/uploads\/2020\/09\/episode88-768x768.jpg 768w, https:\/\/orianesavourelucas.com\/avezvouschoisi\/wp-content\/uploads\/2020\/09\/episode88.jpg 1200w\" sizes=\"auto, (max-width: 512px) 100vw, 512px\" \/><figcaption>Avez-vous choisi ? L\u2019\u00c9clairage \u2013 Claudine (\u00e9pisode 86)<\/figcaption><\/figure><\/div>\n\t\t\t\t\n\t\t\t<div class=\"podlove_cc_license\">\n    <p>\n\t\t\t\t-\n\t\t\t\t<\/p>\t\t\t\n\t\t\t<p>\n\t\t\t\tLes \u00e9pisodes du podcast sont mis \u00e0 disposition selon les termes de la Licence suivante :\n\t\t\t\t<\/p>\n\t\t\t\t<p>\n\t\t\t\t<a rel=\"license noopener\" href=\"http:\/\/creativecommons.org\/licenses\/by-nc-nd\/4.0\" target=\"_blank\">Creative Commons Attribution - Pas d'Utilisation Commerciale - Pas de Modification 4.0 International.<\/a>\n\t\t\t<\/p>\n\t\t<\/div>\n\t","protected":false},"author":3,"featured_media":1987,"comment_status":"open","ping_status":"open","template":"","meta":{"footnotes":""},"tags":[],"class_list":["post-1989","podcast","type-podcast","status-publish","has-post-thumbnail","hentry","post"],"_links":{"self":[{"href":"https:\/\/orianesavourelucas.com\/avezvouschoisi\/wp-json\/wp\/v2\/episodes\/1989","targetHints":{"allow":["GET"]}}],"collection":[{"href":"https:\/\/orianesavourelucas.com\/avezvouschoisi\/wp-json\/wp\/v2\/episodes"}],"about":[{"href":"https:\/\/orianesavourelucas.com\/avezvouschoisi\/wp-json\/wp\/v2\/types\/podcast"}],"author":[{"embeddable":true,"href":"https:\/\/orianesavourelucas.com\/avezvouschoisi\/wp-json\/wp\/v2\/users\/3"}],"replies":[{"embeddable":true,"href":"https:\/\/orianesavourelucas.com\/avezvouschoisi\/wp-json\/wp\/v2\/comments?post=1989"}],"version-history":[{"count":3,"href":"https:\/\/orianesavourelucas.com\/avezvouschoisi\/wp-json\/wp\/v2\/episodes\/1989\/revisions"}],"predecessor-version":[{"id":3129,"href":"https:\/\/orianesavourelucas.com\/avezvouschoisi\/wp-json\/wp\/v2\/episodes\/1989\/revisions\/3129"}],"wp:featuredmedia":[{"embeddable":true,"href":"https:\/\/orianesavourelucas.com\/avezvouschoisi\/wp-json\/wp\/v2\/media\/1987"}],"wp:attachment":[{"href":"https:\/\/orianesavourelucas.com\/avezvouschoisi\/wp-json\/wp\/v2\/media?parent=1989"}],"wp:term":[{"taxonomy":"post_tag","embeddable":true,"href":"https:\/\/orianesavourelucas.com\/avezvouschoisi\/wp-json\/wp\/v2\/tags?post=1989"}],"curies":[{"name":"wp","href":"https:\/\/api.w.org\/{rel}","templated":true}]}}