{"id":2089,"date":"2020-10-30T07:30:00","date_gmt":"2020-10-30T06:30:00","guid":{"rendered":"podlove-2020-10-20t19:59:35+00:00-1adda566e1ad3f4"},"modified":"2020-10-20T22:42:47","modified_gmt":"2020-10-20T20:42:47","slug":"episode-94-conversation-avec-pierre-olivier-bannwarth-le-conte-est-bon-2-2","status":"publish","type":"podcast","link":"https:\/\/orianesavourelucas.com\/avezvouschoisi\/2020\/10\/30\/episode-94-conversation-avec-pierre-olivier-bannwarth-le-conte-est-bon-2-2\/","title":{"rendered":"\u00c9pisode 94 | Conversation avec Pierre-Olivier Bannwarth  | Le conte est bon ! (2\/2)"},"content":{"rendered":"\n\t\t<script class=\"podigee-podcast-player\" src=\"\/\/cdn.podigee.com\/podcast-player\/javascripts\/podigee-podcast-player.js\" data-configuration=\"https:\/\/orianesavourelucas.com\/avezvouschoisi\/?podigee_player=186\"><\/script>\n\t\n\t\t\n\n<p>D\u00e9couvrez ici la seconde partie de la conversation avec <strong>le conteur Pierre-Olivier Bannwarth<\/strong>.<\/p>\n\n\n\n<p>Pierre-Olivier est un conteur et un passeur d&rsquo;une <strong>humanit\u00e9<\/strong>, d&rsquo;une <strong>profondeur <\/strong>et d&rsquo;une <strong>bienveillance <\/strong>qui autorisent les propri\u00e9taires des oreilles qui l\u2019\u00e9coutent \u00e0 oser <strong>aller \u00e0 la rencontre du conte, de sa magie et de ces mots qui nous rendent vivant.e.s.<\/strong><\/p>\n\n\n\n<p>Gr\u00e2ce aux conteuses &amp; conteurs, nous avons l\u2019occasion de cheminer jusqu\u2019au c\u0153ur de notre humanit\u00e9 et \u00e0 tout ce qui nous lie.<\/p>\n\n\n\n<p>Alors, <strong>et si vous vous offriez le pr\u00e9cieux cadeau d\u2019un voyage au c\u0153ur des contes et du conteur\u00a0? <\/strong><\/p>\n\n\n\n<p>Si cet \u00e9pisode vous pla\u00eet et que vous voulez faire partie de cette aventure audio, <strong>abonnez-vous \u00e0 la <a href=\"https:\/\/orianesavourelucas.com\/avezvouschoisi\/newsletter\">newsletter <\/a><\/strong>de <em>Avez-vous choisi ? <\/em>afin d\u2019\u00eatre alert\u00e9.e d\u00e8s la publication d\u2019un nouvel \u00e9pisode et recevoir<strong><em> La Graine de la Semaine<\/em><\/strong>, par mail, chaque lundi.<\/p>\n\n\n\n<p> N\u2019h\u00e9sitez pas \u00e0 d\u00e9poser un avis sur la plateforme de podcasts de votre choix, ou sur cette page, une constellation de 5 \u00e9toiles sur <a href=\"https:\/\/itunes.apple.com\/fr\/podcast\/avez-vous-choisi\/id1438200424?l=fr\" target=\"_blank\" rel=\"noopener\">ITunes<\/a> ou encore \u00e0 <strong>faire conna\u00eetre<em> Avez-vous choisi ?<\/em> \u00e0 celles et ceux qui vous sont chers et que l\u2019id\u00e9e de tout choisir dans leur vie pourrait r\u00e9jouir !<\/strong> <\/p>\n\n\n\n<p>Bonne \u00e9coute !<\/p>\n\n\n\n<div class=\"wp-block-image is-style-default\"><figure class=\"aligncenter size-large is-resized\"><img loading=\"lazy\" decoding=\"async\" src=\"https:\/\/orianesavourelucas.com\/avezvouschoisi\/wp-content\/uploads\/2020\/10\/episode94-1024x1024.jpg\" alt=\"Conversation avec Pierre-Olivier Bannwarth (2\/2) | le conte est bon ! (\u00c9pisode 94)\" class=\"wp-image-2083\" width=\"512\" height=\"512\" srcset=\"https:\/\/orianesavourelucas.com\/avezvouschoisi\/wp-content\/uploads\/2020\/10\/episode94-1024x1024.jpg 1024w, https:\/\/orianesavourelucas.com\/avezvouschoisi\/wp-content\/uploads\/2020\/10\/episode94-300x300.jpg 300w, https:\/\/orianesavourelucas.com\/avezvouschoisi\/wp-content\/uploads\/2020\/10\/episode94-150x150.jpg 150w, https:\/\/orianesavourelucas.com\/avezvouschoisi\/wp-content\/uploads\/2020\/10\/episode94-768x768.jpg 768w, https:\/\/orianesavourelucas.com\/avezvouschoisi\/wp-content\/uploads\/2020\/10\/episode94.jpg 1200w\" sizes=\"auto, (max-width: 512px) 100vw, 512px\" \/><figcaption>Conversation avec Pierre-Olivier Bannwarth (2\/2) | le conte est bon !  (\u00c9pisode 94)<\/figcaption><\/figure><\/div>\n\t\t\t\t\n\t\t\t<div class=\"podlove_cc_license\">\n    <p>\n\t\t\t\t-\n\t\t\t\t<\/p>\t\t\t\n\t\t\t<p>\n\t\t\t\tLes \u00e9pisodes du podcast sont mis \u00e0 disposition selon les termes de la Licence suivante :\n\t\t\t\t<\/p>\n\t\t\t\t<p>\n\t\t\t\t<a rel=\"license noopener\" href=\"http:\/\/creativecommons.org\/licenses\/by-nc-nd\/4.0\" target=\"_blank\">Creative Commons Attribution - Pas d'Utilisation Commerciale - Pas de Modification 4.0 International.<\/a>\n\t\t\t<\/p>\n\t\t<\/div>\n\t","protected":false},"author":3,"featured_media":2083,"comment_status":"open","ping_status":"open","template":"","meta":{"footnotes":""},"tags":[],"class_list":["post-2089","podcast","type-podcast","status-publish","has-post-thumbnail","hentry","post"],"_links":{"self":[{"href":"https:\/\/orianesavourelucas.com\/avezvouschoisi\/wp-json\/wp\/v2\/episodes\/2089","targetHints":{"allow":["GET"]}}],"collection":[{"href":"https:\/\/orianesavourelucas.com\/avezvouschoisi\/wp-json\/wp\/v2\/episodes"}],"about":[{"href":"https:\/\/orianesavourelucas.com\/avezvouschoisi\/wp-json\/wp\/v2\/types\/podcast"}],"author":[{"embeddable":true,"href":"https:\/\/orianesavourelucas.com\/avezvouschoisi\/wp-json\/wp\/v2\/users\/3"}],"replies":[{"embeddable":true,"href":"https:\/\/orianesavourelucas.com\/avezvouschoisi\/wp-json\/wp\/v2\/comments?post=2089"}],"version-history":[{"count":2,"href":"https:\/\/orianesavourelucas.com\/avezvouschoisi\/wp-json\/wp\/v2\/episodes\/2089\/revisions"}],"predecessor-version":[{"id":2097,"href":"https:\/\/orianesavourelucas.com\/avezvouschoisi\/wp-json\/wp\/v2\/episodes\/2089\/revisions\/2097"}],"wp:featuredmedia":[{"embeddable":true,"href":"https:\/\/orianesavourelucas.com\/avezvouschoisi\/wp-json\/wp\/v2\/media\/2083"}],"wp:attachment":[{"href":"https:\/\/orianesavourelucas.com\/avezvouschoisi\/wp-json\/wp\/v2\/media?parent=2089"}],"wp:term":[{"taxonomy":"post_tag","embeddable":true,"href":"https:\/\/orianesavourelucas.com\/avezvouschoisi\/wp-json\/wp\/v2\/tags?post=2089"}],"curies":[{"name":"wp","href":"https:\/\/api.w.org\/{rel}","templated":true}]}}