{"id":2807,"date":"2021-03-05T07:30:00","date_gmt":"2021-03-05T06:30:00","guid":{"rendered":"podlove-2021-02-28t17:33:46+00:00-c29938bb4fd0de4"},"modified":"2024-03-20T15:25:23","modified_gmt":"2024-03-20T14:25:23","slug":"episode-110-conversation-avec-alexia-sena-avancer-avec-son-joyeux-bazar-interieur","status":"publish","type":"podcast","link":"https:\/\/orianesavourelucas.com\/avezvouschoisi\/2021\/03\/05\/episode-110-conversation-avec-alexia-sena-avancer-avec-son-joyeux-bazar-interieur\/","title":{"rendered":"\u00c9pisode 110 | Conversation avec Alexia Sena | Avancer avec son joyeux bazar int\u00e9rieur"},"content":{"rendered":"\n\t\t<script class=\"podigee-podcast-player\" src=\"\/\/cdn.podigee.com\/podcast-player\/javascripts\/podigee-podcast-player.js\" data-configuration=\"https:\/\/orianesavourelucas.com\/avezvouschoisi\/?podigee_player=202\"><\/script>\n\t\n\t\t\n\n<p><a href=\"https:\/\/www.alexiasena.com\/\" target=\"_blank\" rel=\"noopener\">Alexia Sena<\/a> est <strong>fran\u00e7aise et camerounaise<\/strong>. N\u00e9e \u00e0 Paris de parents camerounais, elle part au Cameroun \u00e0 l\u2019\u00e2ge de 5 ans et y vit 10 ans avant de revenir seule en France \u00e0 15 ans pour ses \u00e9tudes. Alexia se coupe alors de ses racines camerounaises, soucieuse de ressembler \u00e0 celles et ceux qui l\u2019entourent.<\/p>\n\n\n\n<p>En 2017, elle part partir vivre <strong>un an au Cameroun <\/strong>avec son mari et leurs deux jeunes enfants, et<strong> le choc est violent <\/strong>pour elle : incontestablement, elle ressemble \u00e0 une Camerounaise mais elle n\u2019a pas ou plus tous les codes et tout la renvoie \u00e0 sa francit\u00e9.<\/p>\n\n\n\n<p>Aux prises avec <strong>un m\u00e9li-m\u00e9lo d\u2019\u00e9motions contrast\u00e9es<\/strong>, Alexia choisit de questionner d\u2019autres personnes de multiculturelles pour comprendre comment elles se d\u00e9patouillent avec \u00e7a.<\/p>\n\n\n\n<p>En 2020, Alexia cr\u00e9e <a href=\"https:\/\/joyeuxbazar.com\/\" target=\"_blank\" rel=\"noopener\">Joyeux Bazar<\/a>, podcast dans lequel <strong>elle converse avec des personnes multiculturelles qui y racontent leur histoire singuli\u00e8re et la complexit\u00e9 de leur v\u00e9cu multiculturel.<\/strong><\/p>\n\n\n\n<p>Le message que porte Alexia \u00e0 travers son podcast Joyeux Bazar est important. J\u2019aime qu\u2019elle cr\u00e9e, avec Joyeux Bazar, <strong>un espace-temps d\u2019expression de la complexit\u00e9 des singularit\u00e9s<\/strong> qui favorise la rencontre en profondeur, <strong>dans un monde qui va tr\u00e8s vite et aime les cases et les raccourcis.<\/strong><\/p>\n\n\n\n<p><strong>Au cours de notre conversation, Alexia et moi parlons, entre autres :<\/strong><\/p>\n\n\n\n<ul class=\"wp-block-list\">\n<li>De la relation qu\u2019Alexia entretient avec le <strong>choix <\/strong>et sa<strong> double culture<\/strong>,<\/li>\n\n\n\n<li>De cette ann\u00e9e au Cameroun qui l\u2019a boulevers\u00e9e et qui <strong>a rebattu les cartes de son questionnement identitaire<\/strong><\/li>\n\n\n\n<li>De qu\u00eate de soi, d\u2019identit\u00e9 et de<strong> l\u2019oc\u00e9an de possibilit\u00e9s <\/strong>que repr\u00e9sente une personne<\/li>\n\n\n\n<li>De maternit\u00e9 et de <strong>transmission<\/strong><\/li>\n\n\n\n<li>De rupture et de <strong>suradaptation <\/strong>; d\u2019<strong>acceptation <\/strong>et de r\u00e9invention<\/li>\n\n\n\n<li>ou encore de milkshake, de cheveux et de <strong>joyeux bazar<\/strong><\/li>\n<\/ul>\n\n\n<div class=\"wp-block-image is-style-default\">\n<figure class=\"aligncenter size-large is-resized\"><img loading=\"lazy\" decoding=\"async\" width=\"1024\" height=\"1024\" src=\"https:\/\/orianesavourelucas.com\/avezvouschoisi\/wp-content\/uploads\/2021\/02\/episode110-1024x1024.jpg\" alt=\"Conversation avec Alexia Sena | Avancer avec son joyeux bazar int\u00e9rieur (\u00c9pisode 110)\" class=\"wp-image-2808\" style=\"width:512px;height:512px\" srcset=\"https:\/\/orianesavourelucas.com\/avezvouschoisi\/wp-content\/uploads\/2021\/02\/episode110-1024x1024.jpg 1024w, https:\/\/orianesavourelucas.com\/avezvouschoisi\/wp-content\/uploads\/2021\/02\/episode110-300x300.jpg 300w, https:\/\/orianesavourelucas.com\/avezvouschoisi\/wp-content\/uploads\/2021\/02\/episode110-150x150.jpg 150w, https:\/\/orianesavourelucas.com\/avezvouschoisi\/wp-content\/uploads\/2021\/02\/episode110-768x768.jpg 768w, https:\/\/orianesavourelucas.com\/avezvouschoisi\/wp-content\/uploads\/2021\/02\/episode110.jpg 1200w\" sizes=\"auto, (max-width: 1024px) 100vw, 1024px\" \/><figcaption class=\"wp-element-caption\">Conversation avec Alexia Sena | Avancer avec son joyeux bazar int\u00e9rieur (\u00c9pisode 110)<\/figcaption><\/figure>\n<\/div>\n\n\n<p>Si cet \u00e9pisode vous pla\u00eet et que vous voulez faire partie de cette aventure audio, <strong>abonnez-vous \u00e0 la <a class=\"rank-math-link\" href=\"https:\/\/orianesavourelucas.com\/avezvouschoisi\/newsletter\">newsletter <\/a><\/strong>de <em>Avez-vous choisi ? <\/em>afin d\u2019\u00eatre alert\u00e9.e d\u00e8s la publication d\u2019un nouvel \u00e9pisode et recevoir<strong><em> La Graine de la Semaine<\/em><\/strong>, par mail, chaque lundi.<\/p>\n\n\n\n<p> N\u2019h\u00e9sitez pas \u00e0 d\u00e9poser un avis sur la plateforme de podcasts de votre choix, ou sur cette page, une constellation de 5 \u00e9toiles sur <a href=\"https:\/\/itunes.apple.com\/fr\/podcast\/avez-vous-choisi\/id1438200424?l=fr\" target=\"_blank\" rel=\"noopener\">ITunes<\/a> ou encore \u00e0 <strong>faire conna\u00eetre<em> Avez-vous choisi ?<\/em> \u00e0 celles et ceux qui vous sont chers et que l\u2019id\u00e9e de tout choisir dans leur vie pourrait r\u00e9jouir !<\/strong> <\/p>\n\n\n\n<p>Bonne \u00e9coute !<\/p>\n\t\t\t\t\n\t\t\t<div class=\"podlove_cc_license\">\n    <p>\n\t\t\t\t-\n\t\t\t\t<\/p>\t\t\t\n\t\t\t<p>\n\t\t\t\tLes \u00e9pisodes du podcast sont mis \u00e0 disposition selon les termes de la Licence suivante :\n\t\t\t\t<\/p>\n\t\t\t\t<p>\n\t\t\t\t<a rel=\"license noopener\" href=\"http:\/\/creativecommons.org\/licenses\/by-nc-nd\/4.0\" target=\"_blank\">Creative Commons Attribution - Pas d'Utilisation Commerciale - Pas de Modification 4.0 International.<\/a>\n\t\t\t<\/p>\n\t\t<\/div>\n\t","protected":false},"author":3,"featured_media":2808,"comment_status":"open","ping_status":"open","template":"","meta":{"footnotes":""},"tags":[],"class_list":["post-2807","podcast","type-podcast","status-publish","has-post-thumbnail","hentry","post"],"_links":{"self":[{"href":"https:\/\/orianesavourelucas.com\/avezvouschoisi\/wp-json\/wp\/v2\/episodes\/2807","targetHints":{"allow":["GET"]}}],"collection":[{"href":"https:\/\/orianesavourelucas.com\/avezvouschoisi\/wp-json\/wp\/v2\/episodes"}],"about":[{"href":"https:\/\/orianesavourelucas.com\/avezvouschoisi\/wp-json\/wp\/v2\/types\/podcast"}],"author":[{"embeddable":true,"href":"https:\/\/orianesavourelucas.com\/avezvouschoisi\/wp-json\/wp\/v2\/users\/3"}],"replies":[{"embeddable":true,"href":"https:\/\/orianesavourelucas.com\/avezvouschoisi\/wp-json\/wp\/v2\/comments?post=2807"}],"version-history":[{"count":3,"href":"https:\/\/orianesavourelucas.com\/avezvouschoisi\/wp-json\/wp\/v2\/episodes\/2807\/revisions"}],"predecessor-version":[{"id":3760,"href":"https:\/\/orianesavourelucas.com\/avezvouschoisi\/wp-json\/wp\/v2\/episodes\/2807\/revisions\/3760"}],"wp:featuredmedia":[{"embeddable":true,"href":"https:\/\/orianesavourelucas.com\/avezvouschoisi\/wp-json\/wp\/v2\/media\/2808"}],"wp:attachment":[{"href":"https:\/\/orianesavourelucas.com\/avezvouschoisi\/wp-json\/wp\/v2\/media?parent=2807"}],"wp:term":[{"taxonomy":"post_tag","embeddable":true,"href":"https:\/\/orianesavourelucas.com\/avezvouschoisi\/wp-json\/wp\/v2\/tags?post=2807"}],"curies":[{"name":"wp","href":"https:\/\/api.w.org\/{rel}","templated":true}]}}