{"id":3046,"date":"2021-06-04T07:30:00","date_gmt":"2021-06-04T05:30:00","guid":{"rendered":"podlove-2021-06-03t21:20:30+00:00-00ae611f88eaffb"},"modified":"2021-06-04T07:59:01","modified_gmt":"2021-06-04T05:59:01","slug":"episode-123-vie-pro-vie-perso-comment-tout-concilier-sans-couler","status":"publish","type":"podcast","link":"https:\/\/orianesavourelucas.com\/avezvouschoisi\/2021\/06\/04\/episode-123-vie-pro-vie-perso-comment-tout-concilier-sans-couler\/","title":{"rendered":"\u00c9pisode 123 | Vie pro &#8211; vie perso : comment tout concilier sans couler ?"},"content":{"rendered":"\n\t\t<script class=\"podigee-podcast-player\" src=\"\/\/cdn.podigee.com\/podcast-player\/javascripts\/podigee-podcast-player.js\" data-configuration=\"https:\/\/orianesavourelucas.com\/avezvouschoisi\/?podigee_player=216\"><\/script>\n\t\n\t\t\n\n<p>Aimeriez-vous r\u00e9ussir \u00e0 <strong>mieux concilier votre vie professionnelle et votre vie personnelle\u00a0?<\/strong><\/p>\n\n\n\n<p>C\u2019est une envie largement partag\u00e9e qui mobilise beaucoup d\u2019\u00e9nergie et qui g\u00e9n\u00e8re souvent beaucoup de frustration et de culpabilit\u00e9 !<\/p>\n\n\n\n<p>La mauvaise nouvelle, c\u2019est que <strong>concilier vie personnelle et vie professionnelle <\/strong>est <strong>un mythe inatteignable, culpabilisant et qui fait des d\u00e9g\u00e2ts.<\/strong><\/p>\n\n\n\n<p>La bonne nouvelle, c\u2019est qu\u2019on se trompe de combat et qu\u2019<strong>il n\u2019est jamais trop tard pour redresser la barre et vivre mieux.<\/strong><\/p>\n\n\n\n<p>Dans cet \u00e9pisode, je vous dis <strong>pourquoi concilier vie pro et vie perso ne fonctionne pas <\/strong>et je vous proposer <strong>une autre mani\u00e8re de voir et de faire les choses.<\/strong><\/p>\n\n\n\n<p>Alors si vous avez envie de <strong>gagner en s\u00e9r\u00e9nit\u00e9, fluidit\u00e9 et joie dans votre quotidien<\/strong>, \u00e9coutez cet \u00e9pisode !<\/p>\n\n\n\n<div class=\"wp-block-image is-style-default\"><figure class=\"aligncenter size-large is-resized\"><img loading=\"lazy\" decoding=\"async\" src=\"https:\/\/orianesavourelucas.com\/avezvouschoisi\/wp-content\/uploads\/2021\/06\/episode123-1024x1024.jpg\" alt=\"Avez-vous choisi ? - Vie pro - vie perso : comment tout concilier sans couler ? (\u00e9pisode 123)\" class=\"wp-image-3043\" width=\"512\" height=\"512\" srcset=\"https:\/\/orianesavourelucas.com\/avezvouschoisi\/wp-content\/uploads\/2021\/06\/episode123-1024x1024.jpg 1024w, https:\/\/orianesavourelucas.com\/avezvouschoisi\/wp-content\/uploads\/2021\/06\/episode123-300x300.jpg 300w, https:\/\/orianesavourelucas.com\/avezvouschoisi\/wp-content\/uploads\/2021\/06\/episode123-150x150.jpg 150w, https:\/\/orianesavourelucas.com\/avezvouschoisi\/wp-content\/uploads\/2021\/06\/episode123-768x768.jpg 768w, https:\/\/orianesavourelucas.com\/avezvouschoisi\/wp-content\/uploads\/2021\/06\/episode123.jpg 1200w\" sizes=\"auto, (max-width: 512px) 100vw, 512px\" \/><figcaption>Avez-vous choisi ? &#8211; Vie pro &#8211; vie perso : comment tout concilier sans couler ? (\u00e9pisode 123)<\/figcaption><\/figure><\/div>\n\n\n\n<p>Si cet \u00e9pisode vous pla\u00eet et que vous voulez faire partie de cette aventure audio, <strong>abonnez-vous \u00e0 la <a href=\"https:\/\/orianesavourelucas.com\/avezvouschoisi\/newsletter\">newsletter <\/a><\/strong>de <em>Avez-vous choisi ? <\/em>afin d\u2019\u00eatre alert\u00e9.e d\u00e8s la publication d\u2019un nouvel \u00e9pisode et recevoir<strong><em> La Graine de la Semaine<\/em><\/strong>, par mail, chaque lundi.<\/p>\n\n\n\n<p>N\u2019h\u00e9sitez pas \u00e0 d\u00e9poser un avis sur la plateforme de podcasts de votre choix, ou sur cette page, une constellation de 5 \u00e9toiles sur <a href=\"https:\/\/itunes.apple.com\/fr\/podcast\/avez-vous-choisi\/id1438200424?l=fr\" target=\"_blank\" rel=\"noreferrer noopener\">ITunes<\/a> ou encore \u00e0 <strong>faire conna\u00eetre<em> Avez-vous choisi ?<\/em> \u00e0 celles et ceux qui vous sont chers et que l\u2019id\u00e9e de tout choisir dans leur vie pourrait r\u00e9jouir !<\/strong><\/p>\n\n\n\n<p>Bonne \u00e9coute !<\/p>\n\t\t\t\t\n\t\t\t<div class=\"podlove_cc_license\">\n    <p>\n\t\t\t\t-\n\t\t\t\t<\/p>\t\t\t\n\t\t\t<p>\n\t\t\t\tLes \u00e9pisodes du podcast sont mis \u00e0 disposition selon les termes de la Licence suivante :\n\t\t\t\t<\/p>\n\t\t\t\t<p>\n\t\t\t\t<a rel=\"license noopener\" href=\"http:\/\/creativecommons.org\/licenses\/by-nc-nd\/4.0\" target=\"_blank\">Creative Commons Attribution - Pas d'Utilisation Commerciale - Pas de Modification 4.0 International.<\/a>\n\t\t\t<\/p>\n\t\t<\/div>\n\t","protected":false},"author":3,"featured_media":3043,"comment_status":"open","ping_status":"open","template":"","meta":{"footnotes":""},"tags":[],"class_list":["post-3046","podcast","type-podcast","status-publish","has-post-thumbnail","hentry","post"],"_links":{"self":[{"href":"https:\/\/orianesavourelucas.com\/avezvouschoisi\/wp-json\/wp\/v2\/episodes\/3046","targetHints":{"allow":["GET"]}}],"collection":[{"href":"https:\/\/orianesavourelucas.com\/avezvouschoisi\/wp-json\/wp\/v2\/episodes"}],"about":[{"href":"https:\/\/orianesavourelucas.com\/avezvouschoisi\/wp-json\/wp\/v2\/types\/podcast"}],"author":[{"embeddable":true,"href":"https:\/\/orianesavourelucas.com\/avezvouschoisi\/wp-json\/wp\/v2\/users\/3"}],"replies":[{"embeddable":true,"href":"https:\/\/orianesavourelucas.com\/avezvouschoisi\/wp-json\/wp\/v2\/comments?post=3046"}],"version-history":[{"count":2,"href":"https:\/\/orianesavourelucas.com\/avezvouschoisi\/wp-json\/wp\/v2\/episodes\/3046\/revisions"}],"predecessor-version":[{"id":3051,"href":"https:\/\/orianesavourelucas.com\/avezvouschoisi\/wp-json\/wp\/v2\/episodes\/3046\/revisions\/3051"}],"wp:featuredmedia":[{"embeddable":true,"href":"https:\/\/orianesavourelucas.com\/avezvouschoisi\/wp-json\/wp\/v2\/media\/3043"}],"wp:attachment":[{"href":"https:\/\/orianesavourelucas.com\/avezvouschoisi\/wp-json\/wp\/v2\/media?parent=3046"}],"wp:term":[{"taxonomy":"post_tag","embeddable":true,"href":"https:\/\/orianesavourelucas.com\/avezvouschoisi\/wp-json\/wp\/v2\/tags?post=3046"}],"curies":[{"name":"wp","href":"https:\/\/api.w.org\/{rel}","templated":true}]}}