{"id":3203,"date":"2022-01-07T07:30:00","date_gmt":"2022-01-07T06:30:00","guid":{"rendered":"podlove-2022-01-06t18:31:57+00:00-a9e46581fa338d2"},"modified":"2022-01-07T09:16:29","modified_gmt":"2022-01-07T08:16:29","slug":"episode-134-la-mort-si-on-en-parlait","status":"publish","type":"podcast","link":"https:\/\/orianesavourelucas.com\/avezvouschoisi\/2022\/01\/07\/episode-134-la-mort-si-on-en-parlait\/","title":{"rendered":"\u00c9pisode 134 | La mort si on en parlait ?"},"content":{"rendered":"\n\t\t<script class=\"podigee-podcast-player\" src=\"\/\/cdn.podigee.com\/podcast-player\/javascripts\/podigee-podcast-player.js\" data-configuration=\"https:\/\/orianesavourelucas.com\/avezvouschoisi\/?podigee_player=227\"><\/script>\n\t\n\t\t\n\n<p><strong>Pourquoi avons-nous tant de mal \u00e0 parler de la mort&nbsp;?<\/strong><\/p>\n\n\n\n<p><strong>Comment parvenir \u00e0 nous extraire de ce tabou, de ce d\u00e9ni collectif de la mort dans notre soci\u00e9t\u00e9&nbsp;?<\/strong><\/p>\n\n\n\n<p>Suite \u00e0 ma participation \u00e0 2 journ\u00e9es passionnantes de conf\u00e9rences sur le th\u00e8me&nbsp;: <a href=\"https:\/\/lamortsionenparlait.fr\/\" target=\"_blank\" rel=\"noopener\"><strong>\u00ab&nbsp;La mort, si on en parlait&nbsp;?&nbsp;\u00bb.<\/strong><\/a> en novembre 2021, j\u2019ai voulu vous partager <strong>l\u2019empreinte que cet \u00e9v\u00e9nement a laiss\u00e9 sur moi, ce que j\u2019ai retenu de l\u2019\u00e9v\u00e9nement ainsi que mes r\u00e9flexions et exp\u00e9riences sur le sujet.<\/strong><\/p>\n\n\n\n<p>Dans cet \u00e9pisode&nbsp;:<\/p>\n\n\n\n<ul class=\"wp-block-list\"><li>J\u2019aborde les <strong>raisons<\/strong> pour lesquelles la mort reste un sujet si peu abord\u00e9 et les <strong>risques<\/strong> que nous courons \u00e0 continuer \u00e0 l\u2019esquiver<\/li><li>Je transmets <strong>une question puissante pos\u00e9e par Marie de Hennezel<\/strong>, \u00e0 laisser infuser<\/li><li>Je partage une proposition pour r\u00e9pondre \u00e0 la question&nbsp;: <strong><em>quand et comment parler de la mort&nbsp;?<\/em><\/strong><\/li><\/ul>\n\n\n\n<p>Parler de la mort, c\u2019est parler de la vie, de notre humanit\u00e9.<\/p>\n\n\n\n<p>&nbsp;Et si \u00ab&nbsp;Parler de la mort&nbsp;\u00bb c\u2019\u00e9tait bien autre chose que de trouver les bonnes formules \u00e0 dire aux mourants et aux endeuill\u00e9s&nbsp;?<\/p>\n\n\n\n<p>Et s\u2019il \u00e9tait temps, individuellement et collectivement de renouer le dialogue sur la mort pour pouvoir mieux tisser du lien entre vivants ?<\/p>\n\n\n\n<p><em><u><strong>Une s\u00e9lection d\u2019\u00e9pisodes Avez-vous choisi&nbsp;? \u00e0 \u00e9couter ou r\u00e9-\u00e9couter sur le th\u00e8me de la mort et de la vie&nbsp;:<\/strong><\/u><\/em><\/p>\n\n\n\n<ul class=\"wp-block-list\"><li><a href=\"https:\/\/orianesavourelucas.com\/avezvouschoisi\/2021\/05\/28\/episode-122-la-conversation-avec-sandra-meunier-faire-le-choix-de-la-joie\/\" data-type=\"URL\" data-id=\"https:\/\/orianesavourelucas.com\/avezvouschoisi\/2021\/05\/28\/episode-122-la-conversation-avec-sandra-meunier-faire-le-choix-de-la-joie\/\">La Conversation avec Sandra Meunier | Faire le choix de la joie<\/a><\/li><li><a href=\"https:\/\/orianesavourelucas.com\/avezvouschoisi\/2021\/03\/26\/episode-113-conversation-avec-sarah-dumont-happy-end-choisir-de-vivre-en-paix-avec-la-mort\/\" data-type=\"URL\" data-id=\"https:\/\/orianesavourelucas.com\/avezvouschoisi\/2021\/03\/26\/episode-113-conversation-avec-sarah-dumont-happy-end-choisir-de-vivre-en-paix-avec-la-mort\/\">La Conversation avec Sarah Dumont\u00a0de Happy End : choisir de vivre en paix avec la mort\u00a0<\/a><\/li><li><a href=\"https:\/\/orianesavourelucas.com\/avezvouschoisi\/2019\/04\/05\/episode-24-monter-le-son-de-son-intuition\/\">Monter le son de son intuition<\/a><\/li><li><a href=\"https:\/\/orianesavourelucas.com\/avezvouschoisi\/2018\/12\/14\/episode-10-conversation-avec-ma-grand-mere\/\">Conversation avec ma grand-m\u00e8re<\/a><\/li><\/ul>\n\n\n\n<figure class=\"wp-block-image size-large is-resized is-style-default\"><img loading=\"lazy\" decoding=\"async\" src=\"https:\/\/orianesavourelucas.com\/avezvouschoisi\/wp-content\/uploads\/2022\/01\/episode134-1-1024x1024.jpg\" alt=\"Avez-vous choisi ? - La mort si on en parlait ? (\u00e9pisode 134)\" class=\"wp-image-3207\" width=\"768\" height=\"768\" srcset=\"https:\/\/orianesavourelucas.com\/avezvouschoisi\/wp-content\/uploads\/2022\/01\/episode134-1-1024x1024.jpg 1024w, https:\/\/orianesavourelucas.com\/avezvouschoisi\/wp-content\/uploads\/2022\/01\/episode134-1-300x300.jpg 300w, https:\/\/orianesavourelucas.com\/avezvouschoisi\/wp-content\/uploads\/2022\/01\/episode134-1-150x150.jpg 150w, https:\/\/orianesavourelucas.com\/avezvouschoisi\/wp-content\/uploads\/2022\/01\/episode134-1-768x768.jpg 768w, https:\/\/orianesavourelucas.com\/avezvouschoisi\/wp-content\/uploads\/2022\/01\/episode134-1.jpg 1200w\" sizes=\"auto, (max-width: 768px) 100vw, 768px\" \/><figcaption>Avez-vous choisi ? &#8211; La mort si on en parlait ? (\u00e9pisode 134)<\/figcaption><\/figure>\n\n\n\n<p>Si cet \u00e9pisode vous pla\u00eet et que vous voulez faire partie de cette aventure audio, <strong>abonnez-vous \u00e0 la <a href=\"https:\/\/orianesavourelucas.com\/avezvouschoisi\/newsletter\">newsletter <\/a><\/strong>de <em>Avez-vous choisi ? <\/em>afin d\u2019\u00eatre alert\u00e9.e d\u00e8s la publication d\u2019un nouvel \u00e9pisode et recevoir<strong><em> La Graine de la Semaine<\/em><\/strong>, par mail, chaque lundi.<\/p>\n\n\n\n<p>N\u2019h\u00e9sitez pas \u00e0 d\u00e9poser un avis sur la plateforme de podcasts de votre choix, ou sur cette page, une constellation de 5 \u00e9toiles sur <a href=\"https:\/\/itunes.apple.com\/fr\/podcast\/avez-vous-choisi\/id1438200424?l=fr\" target=\"_blank\" rel=\"noreferrer noopener\">ITunes<\/a> ou encore \u00e0 <strong>faire conna\u00eetre<em> Avez-vous choisi ?<\/em> \u00e0 celles et ceux qui vous sont chers et que l\u2019id\u00e9e de tout choisir dans leur vie pourrait r\u00e9jouir !<\/strong><\/p>\n\n\n\n<p>Bonne \u00e9coute !<\/p>\n\t\t\t\t\n\t\t\t<div class=\"podlove_cc_license\">\n    <p>\n\t\t\t\t-\n\t\t\t\t<\/p>\t\t\t\n\t\t\t<p>\n\t\t\t\tLes \u00e9pisodes du podcast sont mis \u00e0 disposition selon les termes de la Licence suivante :\n\t\t\t\t<\/p>\n\t\t\t\t<p>\n\t\t\t\t<a rel=\"license noopener\" href=\"http:\/\/creativecommons.org\/licenses\/by-nc-nd\/4.0\" target=\"_blank\">Creative Commons Attribution - Pas d'Utilisation Commerciale - Pas de Modification 4.0 International.<\/a>\n\t\t\t<\/p>\n\t\t<\/div>\n\t","protected":false},"author":3,"featured_media":3207,"comment_status":"open","ping_status":"open","template":"","meta":{"footnotes":""},"tags":[],"class_list":["post-3203","podcast","type-podcast","status-publish","has-post-thumbnail","hentry","post"],"_links":{"self":[{"href":"https:\/\/orianesavourelucas.com\/avezvouschoisi\/wp-json\/wp\/v2\/episodes\/3203","targetHints":{"allow":["GET"]}}],"collection":[{"href":"https:\/\/orianesavourelucas.com\/avezvouschoisi\/wp-json\/wp\/v2\/episodes"}],"about":[{"href":"https:\/\/orianesavourelucas.com\/avezvouschoisi\/wp-json\/wp\/v2\/types\/podcast"}],"author":[{"embeddable":true,"href":"https:\/\/orianesavourelucas.com\/avezvouschoisi\/wp-json\/wp\/v2\/users\/3"}],"replies":[{"embeddable":true,"href":"https:\/\/orianesavourelucas.com\/avezvouschoisi\/wp-json\/wp\/v2\/comments?post=3203"}],"version-history":[{"count":6,"href":"https:\/\/orianesavourelucas.com\/avezvouschoisi\/wp-json\/wp\/v2\/episodes\/3203\/revisions"}],"predecessor-version":[{"id":3215,"href":"https:\/\/orianesavourelucas.com\/avezvouschoisi\/wp-json\/wp\/v2\/episodes\/3203\/revisions\/3215"}],"wp:featuredmedia":[{"embeddable":true,"href":"https:\/\/orianesavourelucas.com\/avezvouschoisi\/wp-json\/wp\/v2\/media\/3207"}],"wp:attachment":[{"href":"https:\/\/orianesavourelucas.com\/avezvouschoisi\/wp-json\/wp\/v2\/media?parent=3203"}],"wp:term":[{"taxonomy":"post_tag","embeddable":true,"href":"https:\/\/orianesavourelucas.com\/avezvouschoisi\/wp-json\/wp\/v2\/tags?post=3203"}],"curies":[{"name":"wp","href":"https:\/\/api.w.org\/{rel}","templated":true}]}}